{"id":4389,"date":"2025-08-04T12:51:11","date_gmt":"2025-08-04T10:51:11","guid":{"rendered":"https:\/\/eurocontain.de\/?post_type=product&#038;p=4389"},"modified":"2026-04-17T09:30:08","modified_gmt":"2026-04-17T07:30:08","slug":"sala-contenedor-124","status":"publish","type":"product","link":"https:\/\/eurocontain.de\/es\/contenedor\/sala-contenedor-124\/","title":{"rendered":"B\u00fcrocontainer mit WC-Trakt #124"},"content":{"rendered":"<div class=\"elementor-element elementor-element-df852dd elementor-widget elementor-widget-text-editor\" data-id=\"df852dd\" data-element_type=\"widget\" data-widget_type=\"text-editor.default\">\n<div class=\"elementor-widget-container\">\n<div>\n<p><strong>B\u00fcrocontainer mit WC-Trakt \u2013 Werksneu \u2013<\/strong><br \/>\n<strong>Acabado de pintura exterior en color RAL: 7016 antracita<\/strong><br \/>\nDimensi\u00f3n:<br \/>\nL 6.058 x B 2.438 x 2.500mm-Innenh\u00f6he-<br \/>\nAu\u00dfenh\u00f6he: 2.830mm<\/p>\n<\/div>\n<\/div>\n<\/div>\n<div class=\"elementor-element elementor-element-1730647 elementor-widget elementor-widget-text-editor\" data-id=\"1730647\" data-element_type=\"widget\" data-widget_type=\"text-editor.default\">\n<div class=\"elementor-widget-container\">\n<div>\n<p><strong>Equipamiento:<\/strong><br \/>\n1 x Stahlau\u00dfent\u00fcre 875 x 2.000 mm mit<br \/>\nCerradura de cilindro de perfil incl. 3 llaves,<br \/>\n1 x soporte de puerta premontado,<br \/>\n1 x placa de drenaje de lluvia,<br \/>\n2 x Fenster 940 x 1.422 mm mit D\/K Beschlag<br \/>\nund Kunststoffrollladen mit Gurtstraffer 1,1 U-Wert \/ m\u00b2K,<br \/>\n<strong>Instalaci\u00f3n el\u00e9ctrica compuesta por:<\/strong><br \/>\n1 combinaci\u00f3n de enchufe e interruptor,<br \/>\n2 x LED \u2013 Langfeldleuchten,<br \/>\n3 x Doppelsteckdosen,<br \/>\n1 x convector de calefacci\u00f3n de 2,0 KW,<br \/>\n1x caja de fusibles con RCD,<br \/>\n2x enchufe externo CEE 32A de 5 clavijas,<br \/>\n<strong>Aislamiento:<\/strong><br \/>\nBoden: PU \u2013 Paneel = 100mm U = 0,27 W\/m\u00b2K<br \/>\nDach: PU \u2013 Paneel = 100 mm U = 0,27 W\/m\u00b2K<br \/>\nWand: PU-Paneel = 100 mm U = 0,23 W\/m\u00b2K<br \/>\nBodenbelag: PVC Bodenbelag 2,0 mm, grau<br \/>\nZementgebundene Bodenplatte, 19-20 mm<br \/>\nInnendekor: Metallw\u00e4nde in hell<br \/>\nInstalaci\u00f3n el\u00e9ctrica empotrada b\u00e1sica seg\u00fan OVE\/VDE<br \/>\nStaplertaschen \u2013 Bodenbelasbarkeit 300kg\/m\u00b2<br \/>\ntriple apilable<br \/>\n<strong>Instalaci\u00f3n sanitaria<\/strong>:<br \/>\n- 1x lavamanos agua fr\u00eda\/caliente,<br \/>\n- 1x espejo, estantes, dispensador de jab\u00f3n, toallero,<br \/>\n- 1x inodoro con descarga a presi\u00f3n,<br \/>\n- 1x taza de urinario con descarga a presi\u00f3n<br \/>\n- 1x dispositivo UT 5 litros,<\/p>\n<\/div>\n<p>&nbsp;<\/p>\n<\/div>\n<\/div>","protected":false},"excerpt":{"rendered":"<p>B\u00fcrocontainer mit WC-Trakt \u2013 Werksneu \u2013 Au\u00dfenlackierung in RAL-Farbe: 7016 anthrazit Abmessung: L 6.058 x B 2.438 x 2.500mm-Innenh\u00f6he- Au\u00dfenh\u00f6he: 2.830mm Ausstattung: 1 x Stahlau\u00dfent\u00fcre 875 x 2.000 mm mit Profilzylinderschlo\u00df inkl. 3 Schl\u00fcsseln, 1 x T\u00fcrhalter vormontiert, 1 x Regenablaufblech, 2 x Fenster 940 x 1.422 mm mit D\/K Beschlag und Kunststoffrollladen mit Gurtstraffer [&hellip;]<\/p>","protected":false},"featured_media":4244,"comment_status":"open","ping_status":"closed","template":"","meta":[],"product_brand":[],"product_cat":[122,129,131,120,121],"product_tag":[],"class_list":{"0":"post-4389","1":"product","2":"type-product","3":"status-publish","4":"has-post-thumbnail","6":"product_cat-raumcontainer-mit-wc-trakt","7":"product_cat-buerocontainer","8":"product_cat-buerocontainer-mit-wc-trakt","9":"product_cat-raumcontainer","10":"product_cat-wc-container","12":"first","13":"instock","14":"shipping-taxable","15":"purchasable","16":"product-type-simple"},"_links":{"self":[{"href":"https:\/\/eurocontain.de\/es\/wp-json\/wp\/v2\/product\/4389","targetHints":{"allow":["GET"]}}],"collection":[{"href":"https:\/\/eurocontain.de\/es\/wp-json\/wp\/v2\/product"}],"about":[{"href":"https:\/\/eurocontain.de\/es\/wp-json\/wp\/v2\/types\/product"}],"replies":[{"embeddable":true,"href":"https:\/\/eurocontain.de\/es\/wp-json\/wp\/v2\/comments?post=4389"}],"wp:featuredmedia":[{"embeddable":true,"href":"https:\/\/eurocontain.de\/es\/wp-json\/wp\/v2\/media\/4244"}],"wp:attachment":[{"href":"https:\/\/eurocontain.de\/es\/wp-json\/wp\/v2\/media?parent=4389"}],"wp:term":[{"taxonomy":"product_brand","embeddable":true,"href":"https:\/\/eurocontain.de\/es\/wp-json\/wp\/v2\/product_brand?post=4389"},{"taxonomy":"product_cat","embeddable":true,"href":"https:\/\/eurocontain.de\/es\/wp-json\/wp\/v2\/product_cat?post=4389"},{"taxonomy":"product_tag","embeddable":true,"href":"https:\/\/eurocontain.de\/es\/wp-json\/wp\/v2\/product_tag?post=4389"}],"curies":[{"name":"wp","href":"https:\/\/api.w.org\/{rel}","templated":true}]}}